{"id":144,"date":"2019-12-20T21:09:46","date_gmt":"2019-12-20T21:09:46","guid":{"rendered":"https:\/\/blekingekvlvf.vattenorg.se\/?page_id=144"},"modified":"2020-01-09T19:09:57","modified_gmt":"2020-01-09T19:09:57","slug":"ozonmatnatet","status":"publish","type":"page","link":"https:\/\/blekingekvlvf.vattenorg.se\/?page_id=144","title":{"rendered":"Ozonm\u00e4tn\u00e4tet"},"content":{"rendered":"\n<p>Inom programmet \u201cOzonm\u00e4tn\u00e4tet i s\u00f6dra Sverige\u201d \u00e4r syftet att p\u00e5 ett kostnadseffektivt s\u00e4tt ge en helt\u00e4ckande bild av ozonbelastningen i bakgrundsmilj\u00f6n i s\u00f6dra Sverige (V\u00e4stra G\u00f6talands l\u00e4n (O), Hallands l\u00e4n (N), Kalmar l\u00e4n (H), Sk\u00e5ne l\u00e4n (M), Blekinge l\u00e4n (K), Kronobergs l\u00e4n (G), Gotlands l\u00e4n (I), J\u00f6nk\u00f6pings l\u00e4n (F), V\u00e4stmanlands l\u00e4n (U) och \u00d6sterg\u00f6tlands l\u00e4n (E)). Omr\u00e5det t\u00e4cker in den s\u00f6dra zonen f\u00f6r inrapportering till EU (\u00d6sterg\u00f6tland och V\u00e4stmanland ligger dock i zonen f\u00f6r mellersta Sverige) och ligger huvudsakligen s\u00f6der om den biologiska norrlandsgr\u00e4nsen, vilket kan vara viktigt f\u00f6r sambandet mellan ozondynamiken och temperaturdynamiken. Ozonbelastningen i urbana och periurbana omr\u00e5den, d\u00e4r kv\u00e4veoxidniv\u00e5erna ofta \u00e4r kraftigt f\u00f6rh\u00f6jda och p\u00e5verkar ozonhalten, avses inte m\u00e4tas eller utv\u00e4rderas i m\u00e4tprogrammet.<\/p>\n\n\n\n<div class=\"wp-block-image\"><figure class=\"aligncenter size-large\"><img loading=\"lazy\" decoding=\"async\" width=\"416\" height=\"222\" src=\"https:\/\/blekingekvlvf.vattenorg.se\/wp-content\/uploads\/2020\/01\/ozonmaetning_nidingen-2007-416.jpg\" alt=\"Ozonm\u00e4tn\u00e4tet\" class=\"wp-image-310\" srcset=\"https:\/\/blekingekvlvf.vattenorg.se\/wp-content\/uploads\/2020\/01\/ozonmaetning_nidingen-2007-416.jpg 416w, https:\/\/blekingekvlvf.vattenorg.se\/wp-content\/uploads\/2020\/01\/ozonmaetning_nidingen-2007-416-300x160.jpg 300w\" sizes=\"auto, (max-width: 416px) 100vw, 416px\" \/><figcaption>  Bild fr\u00e5n L\u00e4nsstyrelsen p\u00e5 mobil m\u00e4tstation vid Nidingen<\/figcaption><\/figure><\/div>\n\n\n\n<p><br><\/p>\n","protected":false},"excerpt":{"rendered":"<p>Inom programmet \u201cOzonm\u00e4tn\u00e4tet i s\u00f6dra Sverige\u201d \u00e4r syftet att p\u00e5 ett kostnadseffektivt s\u00e4tt ge en helt\u00e4ckande bild av ozonbelastningen i bakgrundsmilj\u00f6n i s\u00f6dra Sverige (V\u00e4stra G\u00f6talands l\u00e4n (O), Hallands l\u00e4n (N), Kalmar l\u00e4n (H), Sk\u00e5ne l\u00e4n (M), Blekinge l\u00e4n (K), Kronobergs l\u00e4n (G), Gotlands l\u00e4n (I), J\u00f6nk\u00f6pings l\u00e4n (F), V\u00e4stmanlands l\u00e4n (U) och \u00d6sterg\u00f6tlands l\u00e4n\u2026 <span class=\"read-more\"><a href=\"https:\/\/blekingekvlvf.vattenorg.se\/?page_id=144\">L\u00e4s mer &raquo;<\/a><\/span><\/p>\n","protected":false},"author":1,"featured_media":0,"parent":123,"menu_order":0,"comment_status":"closed","ping_status":"closed","template":"","meta":{"footnotes":""},"class_list":["post-144","page","type-page","status-publish","hentry"],"_links":{"self":[{"href":"https:\/\/blekingekvlvf.vattenorg.se\/index.php?rest_route=\/wp\/v2\/pages\/144","targetHints":{"allow":["GET"]}}],"collection":[{"href":"https:\/\/blekingekvlvf.vattenorg.se\/index.php?rest_route=\/wp\/v2\/pages"}],"about":[{"href":"https:\/\/blekingekvlvf.vattenorg.se\/index.php?rest_route=\/wp\/v2\/types\/page"}],"author":[{"embeddable":true,"href":"https:\/\/blekingekvlvf.vattenorg.se\/index.php?rest_route=\/wp\/v2\/users\/1"}],"replies":[{"embeddable":true,"href":"https:\/\/blekingekvlvf.vattenorg.se\/index.php?rest_route=%2Fwp%2Fv2%2Fcomments&post=144"}],"version-history":[{"count":2,"href":"https:\/\/blekingekvlvf.vattenorg.se\/index.php?rest_route=\/wp\/v2\/pages\/144\/revisions"}],"predecessor-version":[{"id":311,"href":"https:\/\/blekingekvlvf.vattenorg.se\/index.php?rest_route=\/wp\/v2\/pages\/144\/revisions\/311"}],"up":[{"embeddable":true,"href":"https:\/\/blekingekvlvf.vattenorg.se\/index.php?rest_route=\/wp\/v2\/pages\/123"}],"wp:attachment":[{"href":"https:\/\/blekingekvlvf.vattenorg.se\/index.php?rest_route=%2Fwp%2Fv2%2Fmedia&parent=144"}],"curies":[{"name":"wp","href":"https:\/\/api.w.org\/{rel}","templated":true}]}}