{"id":148,"date":"2019-12-20T21:16:51","date_gmt":"2019-12-20T21:16:51","guid":{"rendered":"https:\/\/blekingekvlvf.vattenorg.se\/?page_id=148"},"modified":"2020-01-09T19:08:21","modified_gmt":"2020-01-09T19:08:21","slug":"lavundersokning","status":"publish","type":"page","link":"https:\/\/blekingekvlvf.vattenorg.se\/?page_id=148","title":{"rendered":"Lavunders\u00f6kning"},"content":{"rendered":"\n<div class=\"wp-block-image\"><figure class=\"alignright size-large is-resized\"><img loading=\"lazy\" decoding=\"async\" src=\"https:\/\/blekingekvlvf.vattenorg.se\/wp-content\/uploads\/2020\/01\/Lav_hog.jpg\" alt=\"Lavar p\u00e5 tr\u00e4d\" class=\"wp-image-306\" width=\"153\" height=\"470\" srcset=\"https:\/\/blekingekvlvf.vattenorg.se\/wp-content\/uploads\/2020\/01\/Lav_hog.jpg 259w, https:\/\/blekingekvlvf.vattenorg.se\/wp-content\/uploads\/2020\/01\/Lav_hog-98x300.jpg 98w\" sizes=\"auto, (max-width: 153px) 100vw, 153px\" \/><figcaption>  Bild fr\u00e5n Naturcentrum<br>p\u00e5 lavbevuxen tr\u00e4dstam <\/figcaption><\/figure><\/div>\n\n\n\n<p>\n\nM\u00e5nga lavar \u00e4r k\u00e4nsliga f\u00f6r luftf\u00f6roreningar. Om lavarna har tydliga skador, om antalet arter \u00e4r l\u00e5gt eller om lavar helt saknas s\u00e5 \u00e4r detta en allvarligt, negativ milj\u00f6signal.<\/p>\n\n\n\n<p>En unders\u00f6kning av lavfloran p\u00e5 tr\u00e4d i Blekinge l\u00e4n har genomf\u00f6rts p\u00e5 uppdrag av Blekinge luftv\u00e5rdsf\u00f6rbund. Den genomf\u00f6rdes f\u00f6r f\u00f6rsta g\u00e5ngen i Blekinge l\u00e4n \u00e5r 2003 och omfattade 30 tr\u00e4d f\u00f6rdelade p\u00e5 sex olika lokaler. 2008 och 2013 uf\u00f6rdes \u00e5terinventeringar.<\/p>\n\n\n\n<p>F\u00e4ltarbete, bildtolkning, analys av data och rapportering har utf\u00f6rts av Andreas Malmqvist Naturcentrum AB.<\/p>\n\n\n\n<p>Senaste rapporten finns&nbsp;under Ladda ned &#8211; Luftdelen.<br><\/p>\n","protected":false},"excerpt":{"rendered":"<p>M\u00e5nga lavar \u00e4r k\u00e4nsliga f\u00f6r luftf\u00f6roreningar. Om lavarna har tydliga skador, om antalet arter \u00e4r l\u00e5gt eller om lavar helt saknas s\u00e5 \u00e4r detta en allvarligt, negativ milj\u00f6signal. En unders\u00f6kning av lavfloran p\u00e5 tr\u00e4d i Blekinge l\u00e4n har genomf\u00f6rts p\u00e5 uppdrag av Blekinge luftv\u00e5rdsf\u00f6rbund. Den genomf\u00f6rdes f\u00f6r f\u00f6rsta g\u00e5ngen i Blekinge l\u00e4n \u00e5r 2003 och\u2026 <span class=\"read-more\"><a href=\"https:\/\/blekingekvlvf.vattenorg.se\/?page_id=148\">L\u00e4s mer &raquo;<\/a><\/span><\/p>\n","protected":false},"author":1,"featured_media":0,"parent":123,"menu_order":0,"comment_status":"closed","ping_status":"closed","template":"","meta":{"footnotes":""},"class_list":["post-148","page","type-page","status-publish","hentry"],"_links":{"self":[{"href":"https:\/\/blekingekvlvf.vattenorg.se\/index.php?rest_route=\/wp\/v2\/pages\/148","targetHints":{"allow":["GET"]}}],"collection":[{"href":"https:\/\/blekingekvlvf.vattenorg.se\/index.php?rest_route=\/wp\/v2\/pages"}],"about":[{"href":"https:\/\/blekingekvlvf.vattenorg.se\/index.php?rest_route=\/wp\/v2\/types\/page"}],"author":[{"embeddable":true,"href":"https:\/\/blekingekvlvf.vattenorg.se\/index.php?rest_route=\/wp\/v2\/users\/1"}],"replies":[{"embeddable":true,"href":"https:\/\/blekingekvlvf.vattenorg.se\/index.php?rest_route=%2Fwp%2Fv2%2Fcomments&post=148"}],"version-history":[{"count":4,"href":"https:\/\/blekingekvlvf.vattenorg.se\/index.php?rest_route=\/wp\/v2\/pages\/148\/revisions"}],"predecessor-version":[{"id":309,"href":"https:\/\/blekingekvlvf.vattenorg.se\/index.php?rest_route=\/wp\/v2\/pages\/148\/revisions\/309"}],"up":[{"embeddable":true,"href":"https:\/\/blekingekvlvf.vattenorg.se\/index.php?rest_route=\/wp\/v2\/pages\/123"}],"wp:attachment":[{"href":"https:\/\/blekingekvlvf.vattenorg.se\/index.php?rest_route=%2Fwp%2Fv2%2Fmedia&parent=148"}],"curies":[{"name":"wp","href":"https:\/\/api.w.org\/{rel}","templated":true}]}}